{"id":271,"date":"2023-09-13T13:03:28","date_gmt":"2023-09-13T11:03:28","guid":{"rendered":"https:\/\/al.edu.pl\/mba\/?page_id=271"},"modified":"2023-09-20T10:41:15","modified_gmt":"2023-09-20T08:41:15","slug":"wykladowcy","status":"publish","type":"page","link":"https:\/\/al.edu.pl\/mba\/wykladowcy\/","title":{"rendered":"Wyk\u0142adowcy"},"content":{"rendered":"\n<div class=\"wp-block-media-text is-stacked-on-mobile is-vertically-aligned-top\" style=\"grid-template-columns:20% auto\"><figure class=\"wp-block-media-text__media\"><img loading=\"lazy\" decoding=\"async\" width=\"1000\" height=\"1000\" src=\"https:\/\/al.edu.pl\/mba\/wp-content\/uploads\/2023\/09\/IMG_7392-2.jpg\" alt=\"dr hab. Krystyna Leszczewska, prof. A\u0141 - zdj\u0119cie profilowe\" class=\"wp-image-330 size-full\" srcset=\"https:\/\/al.edu.pl\/mba\/wp-content\/uploads\/2023\/09\/IMG_7392-2.jpg 1000w, https:\/\/al.edu.pl\/mba\/wp-content\/uploads\/2023\/09\/IMG_7392-2-300x300.jpg 300w, https:\/\/al.edu.pl\/mba\/wp-content\/uploads\/2023\/09\/IMG_7392-2-150x150.jpg 150w, https:\/\/al.edu.pl\/mba\/wp-content\/uploads\/2023\/09\/IMG_7392-2-768x768.jpg 768w\" sizes=\"auto, (max-width: 1000px) 100vw, 1000px\" \/><\/figure><div class=\"wp-block-media-text__content\">\n<p><strong>dr hab. Krystyna Leszczewska, prof. A\u0141<\/strong><\/p>\n\n\n\n<p>Doktor habilitowany nauk ekonomicznych (SGH w Warszawie) Doktor nauk ekonomicznych (Instytut Pracy i Spraw Socjalnych w Warszawie), Prorektor PWSIiP w \u0141om\u017cy (2007-2017), Dziekan Wydzia\u0142u Nauk Spo\u0142ecznych i Humanistycznych PWSIiP w \u0141om\u017cy (2017-2020). Cz\u0142onek Rady Uczelni Akademii \u0141om\u017cy\u0144skiej, Profesor Uczelni Akademii \u0141om\u017cy\u0144skiej.&nbsp;<\/p>\n\n\n\n<p>Zainteresowania naukowe: przedsi\u0119biorczo\u015b\u0107 rodzinna, regionalne uwarunkowania rozwoju przedsi\u0119biorczo\u015bci, zarz\u0105dzanie kapita\u0142em ludzkim.<\/p>\n\n\n\n<p>Autorka ponad 100 publikacji naukowych (monografii, artyku\u0142\u00f3w naukowych, rozdzia\u0142\u00f3w monografii).<\/p>\n\n\n\n<p>Wsp\u00f3\u0142pracuje w charakterze doradczym z instytucjami samorz\u0105dowymi (wojew\u00f3dzkimi, miejskimi, krajowymi).<\/p>\n<\/div><\/div>\n\n\n\n<div class=\"wp-block-media-text is-stacked-on-mobile is-vertically-aligned-top\" style=\"grid-template-columns:20% auto\"><figure class=\"wp-block-media-text__media\"><img loading=\"lazy\" decoding=\"async\" width=\"1000\" height=\"1000\" src=\"https:\/\/al.edu.pl\/mba\/wp-content\/uploads\/2023\/09\/Skorek-foto2-1.jpg\" alt=\"dr hab. Monika Skorek, prof. UW - zdj\u0119cie profilowe\" class=\"wp-image-335 size-full\" srcset=\"https:\/\/al.edu.pl\/mba\/wp-content\/uploads\/2023\/09\/Skorek-foto2-1.jpg 1000w, https:\/\/al.edu.pl\/mba\/wp-content\/uploads\/2023\/09\/Skorek-foto2-1-300x300.jpg 300w, https:\/\/al.edu.pl\/mba\/wp-content\/uploads\/2023\/09\/Skorek-foto2-1-150x150.jpg 150w, https:\/\/al.edu.pl\/mba\/wp-content\/uploads\/2023\/09\/Skorek-foto2-1-768x768.jpg 768w\" sizes=\"auto, (max-width: 1000px) 100vw, 1000px\" \/><\/figure><div class=\"wp-block-media-text__content\">\n<p><strong>dr hab. Monika Skorek, prof. UW<\/strong><\/p>\n\n\n\n<p>Absolwentka Wydzia\u0142u Zarz\u0105dzania Uniwersytetu Warszawskiego, z kt\u00f3rym zawodowo zwi\u0105zana jest od 1998 roku. Obecnie prodziekan ds. Studenckich i Jako\u015bci Kszta\u0142cenia. Prowadzi zaj\u0119cia na studiach licencjackich, magisterskich i podyplomowych m. in. z obszaru zarz\u0105dzania mark\u0105, marketingu, bada\u0144 marketingowych, komunikacji marketingowej. By\u0142a uczestnikiem stypendi\u00f3w naukowych, w tym Harvard Business School &#8211; Colloquium On Participand-Centered Learning Harvard Business School. Opr\u00f3cz pracy dydaktycznej aktywnie dzia\u0142a w obszarze badawczym i biznesowym. Zajmuje si\u0119 doradztwem i szkoleniami w wielu firmach na rynku polskim. W wolnych chwilach lubi przeczyta\u0107 dobr\u0105 ksi\u0105\u017ck\u0119, poje\u017adzi\u0107 na rowerze i wybra\u0107 si\u0119 z rodzin\u0105 w odleg\u0142\u0105 podr\u00f3\u017c.<\/p>\n\n\n\n<p>A graduate of the Faculty of Management at the University of Warsaw, with which she has been professionally associated since 1998. Currently Vice-Dean for Student Affairs and Teaching Quality. Since then she has been conducting classes at undergraduate, graduate and postgraduate studies. I participated in scholarships, including Harvard Business School &#8211; Colloquium On Participand-Centered Learning Harvard Business School. In addition to teaching, she is active in the research and business area. He deals with consulting and training in many companies on the Polish market. In my free time I like to read a good book, ride a bike and go on a distant trip with my family.<\/p>\n<\/div><\/div>\n\n\n\n<div class=\"wp-block-media-text is-stacked-on-mobile is-vertically-aligned-top\" style=\"grid-template-columns:20% auto\"><figure class=\"wp-block-media-text__media\"><img loading=\"lazy\" decoding=\"async\" width=\"1000\" height=\"1000\" src=\"https:\/\/al.edu.pl\/mba\/wp-content\/uploads\/2023\/09\/dr-Dariusz-Perlo-2.jpg\" alt=\"dr Dariusz Per\u0142o\u00a0- zdj\u0119cie profilowe\" class=\"wp-image-333 size-full\" srcset=\"https:\/\/al.edu.pl\/mba\/wp-content\/uploads\/2023\/09\/dr-Dariusz-Perlo-2.jpg 1000w, https:\/\/al.edu.pl\/mba\/wp-content\/uploads\/2023\/09\/dr-Dariusz-Perlo-2-300x300.jpg 300w, https:\/\/al.edu.pl\/mba\/wp-content\/uploads\/2023\/09\/dr-Dariusz-Perlo-2-150x150.jpg 150w, https:\/\/al.edu.pl\/mba\/wp-content\/uploads\/2023\/09\/dr-Dariusz-Perlo-2-768x768.jpg 768w\" sizes=\"auto, (max-width: 1000px) 100vw, 1000px\" \/><\/figure><div class=\"wp-block-media-text__content\">\n<p><strong>dr Dariusz Per\u0142o<\/strong>&nbsp;<\/p>\n\n\n\n<p>Doktor nauk ekonomicznych, Prorektor ds. Dydaktyki i Spraw Studenckich Akademii \u0141om\u017cy\u0144skiej. Specjalista z zakresu zarz\u0105dzania strategicznego. Ekspert i doradca przy tworzeniu i wdra\u017caniu strategii przedsi\u0119biorstw, podmiot\u00f3w sektora publicznego oraz jednostek samorz\u0105du terytorialnego. Prowadzi zaj\u0119cia z: zarz\u0105dzania, zarz\u0105dzania strategicznego, zarz\u0105dzania zasobami ludzkimi, zarz\u0105dzania jako\u015bci\u0105. Autor publikacji z zakresu zarz\u0105dzania oraz zarz\u0105dzania rozwojem regionalnym, ekspertyz na potrzeby podmiot\u00f3w gospodarczych oraz organizacji sektora publicznego w zakresie m.in. strategii, zarz\u0105dzania zasobami ludzkimi, a tak\u017ce system\u00f3w ocen pracowniczych. Trener z wieloletnim do\u015bwiadczeniem. Praktyk, mened\u017cer pe\u0142ni\u0105cy funkcje zarz\u0105dcze, kierownik projekt\u00f3w, cz\u0142onek rad nadzorczych, autor kilkunastu ekspertyz wdro\u017ceniowych dla przedsi\u0119biorstw i instytucji publicznych.<\/p>\n<\/div><\/div>\n\n\n\n<div class=\"wp-block-media-text is-stacked-on-mobile is-vertically-aligned-top\" style=\"grid-template-columns:20% auto\"><figure class=\"wp-block-media-text__media\"><img loading=\"lazy\" decoding=\"async\" width=\"1000\" height=\"1000\" src=\"https:\/\/al.edu.pl\/mba\/wp-content\/uploads\/2023\/09\/SK-1.jpg\" alt=\"dr in\u017c.\u00a0 Stanis\u0142aw Kaczy\u0144ski\u00a0- zdj\u0119cie profilowe\" class=\"wp-image-334 size-full\" srcset=\"https:\/\/al.edu.pl\/mba\/wp-content\/uploads\/2023\/09\/SK-1.jpg 1000w, https:\/\/al.edu.pl\/mba\/wp-content\/uploads\/2023\/09\/SK-1-300x300.jpg 300w, https:\/\/al.edu.pl\/mba\/wp-content\/uploads\/2023\/09\/SK-1-150x150.jpg 150w, https:\/\/al.edu.pl\/mba\/wp-content\/uploads\/2023\/09\/SK-1-768x768.jpg 768w\" sizes=\"auto, (max-width: 1000px) 100vw, 1000px\" \/><\/figure><div class=\"wp-block-media-text__content\">\n<p><strong>dr in\u017c.&nbsp; Stanis\u0142aw Kaczy\u0144ski<\/strong>&nbsp;<\/p>\n\n\n\n<p>Absolwent Politechniki Bia\u0142ostockiej, w 2005 roku uzyska\u0142 tytu\u0142 doktora nauk ekonomicznych w zakresie nauk o zarz\u0105dzaniu w Szkole G\u0142\u00f3wnej Handlowej w Warszawie. Pe\u0142nomocnik Rektora ds. Wsp\u00f3\u0142pracy z Gospodark\u0105 Akademii \u0141om\u017cy\u0144skiej. Od ponad 20 lat wyk\u0142adowca na r\u00f3\u017cnych uczelniach zar\u00f3wno prywatnych jak i pa\u0144stwowych. Posiada liczne publikacje naukowe w czasopismach i wydawnictwach punktowanych. Swoje zainteresowania oraz tematyk\u0119 badawcz\u0105 skupia g\u0142\u00f3wnie na zarz\u0105dzaniu strategicznym organizacj\u0105, zarz\u0105dzaniu wiedz\u0105 i innowacjami oraz lean managmencie.&nbsp; Bardzo mocno zwi\u0105zany z \u017cyciem gospodarczym, posiada ogromne do\u015bwiadczenie praktyczne w biznesie, jako pracownik w du\u017cych firmach na stanowiskach mened\u017cerskich \u0142\u0105cznie z funkcj\u0105 Prezesa Zarz\u0105du w sp. z o.o., w\u0142a\u015bciciel w\u0142asnych dzia\u0142alno\u015bci gospodarczych. Lubi pracowa\u0107 i udziela\u0107 si\u0119 spo\u0142ecznie za co zosta\u0142 odznaczony Br\u0105zowym i Srebrnym Krzy\u017cem Zas\u0142ugi przez Prezydenta RP.&nbsp; Laureat nagrody Primus Inter Pares. Jest cz\u0142onkiem Towarzystwa Naukowego im. Wag\u00f3w oraz cz\u0142onek Towarzystwa Naukowego Organizacji i Kierowania oddzia\u0142 Bia\u0142ystok. Cz\u0142onek \u0141om\u017cy\u0144skiej Izby Przemys\u0142owo Handlowej i wieloletni jej wice Prezes. Przewodnicz\u0105cy Rady Gospodarczej przy Prezydencie \u0141om\u017cy, Kapitu\u0142a \u0141om\u017cy\u0144skie Anio\u0142y Biznesu &#8211; cz\u0142onek, Konwent \u0141om\u017cy\u0144skiego Forum Samorz\u0105dowego \u2013 cz\u0142onek, Ekspert w badaniu Barometr Zawod\u00f3w przy PUP w \u0141om\u017cy, Ekspert w Konkursie \u0141om\u017cy\u0144ski biznesplan.<\/p>\n<\/div><\/div>\n\n\n\n<div class=\"wp-block-media-text is-stacked-on-mobile is-vertically-aligned-top\" style=\"grid-template-columns:20% auto\"><figure class=\"wp-block-media-text__media\"><img loading=\"lazy\" decoding=\"async\" width=\"1000\" height=\"1000\" src=\"https:\/\/al.edu.pl\/mba\/wp-content\/uploads\/2023\/09\/U-Widelska.jpg\" alt=\"dr Urszula Widelska\" class=\"wp-image-397 size-full\" srcset=\"https:\/\/al.edu.pl\/mba\/wp-content\/uploads\/2023\/09\/U-Widelska.jpg 1000w, https:\/\/al.edu.pl\/mba\/wp-content\/uploads\/2023\/09\/U-Widelska-300x300.jpg 300w, https:\/\/al.edu.pl\/mba\/wp-content\/uploads\/2023\/09\/U-Widelska-150x150.jpg 150w, https:\/\/al.edu.pl\/mba\/wp-content\/uploads\/2023\/09\/U-Widelska-768x768.jpg 768w\" sizes=\"auto, (max-width: 1000px) 100vw, 1000px\" \/><\/figure><div class=\"wp-block-media-text__content\">\n<p><strong>dr Urszula Widelska<\/strong><\/p>\n\n\n\n<p>Pracownik Akademii \u0141om\u017cy\u0144skiej, zast\u0119pca kierownika Katedry Ekonomii i Finans\u00f3w. Redaktor Naczelna czasopisma \u201eMarketing i Rynek\u201d. Autorka kilkudziesi\u0119ciu publikacji, g\u0142\u00f3wnie z zakresu marketingu relacyjnego oraz orientacji na klienta. Kierownik i ekspert wielu projekt\u00f3w badawczych, w tym grantu Narodowego Centrum Nauki. Doradca biznesowy.<\/p>\n<\/div><\/div>\n\n\n\n<div class=\"wp-block-media-text is-stacked-on-mobile is-vertically-aligned-top\" style=\"grid-template-columns:20% auto\"><figure class=\"wp-block-media-text__media\"><img loading=\"lazy\" decoding=\"async\" width=\"1000\" height=\"1000\" src=\"https:\/\/al.edu.pl\/mba\/wp-content\/uploads\/2023\/09\/Promocja-Profesorska-dr-hab.-inz.-Agnieszki-Bitkowskiej222.jpg\" alt=\"prof. dr hab. in\u017c. Agnieszka Bitkowska - zdj\u0119cie profilowe\" class=\"wp-image-336 size-full\" srcset=\"https:\/\/al.edu.pl\/mba\/wp-content\/uploads\/2023\/09\/Promocja-Profesorska-dr-hab.-inz.-Agnieszki-Bitkowskiej222.jpg 1000w, https:\/\/al.edu.pl\/mba\/wp-content\/uploads\/2023\/09\/Promocja-Profesorska-dr-hab.-inz.-Agnieszki-Bitkowskiej222-300x300.jpg 300w, https:\/\/al.edu.pl\/mba\/wp-content\/uploads\/2023\/09\/Promocja-Profesorska-dr-hab.-inz.-Agnieszki-Bitkowskiej222-150x150.jpg 150w, https:\/\/al.edu.pl\/mba\/wp-content\/uploads\/2023\/09\/Promocja-Profesorska-dr-hab.-inz.-Agnieszki-Bitkowskiej222-768x768.jpg 768w\" sizes=\"auto, (max-width: 1000px) 100vw, 1000px\" \/><\/figure><div class=\"wp-block-media-text__content\">\n<p><strong>prof. dr hab. in\u017c. Agnieszka Bitkowska<\/strong><\/p>\n\n\n\n<p>Pracownik Wydzia\u0142u Zarz\u0105dzania Politechniki Warszawskiej. Kierownik Zak\u0142adu Zarz\u0105dzania Produkcj\u0105 Procesami i Projektami, Wydzia\u0142 Zarz\u0105dzania oraz kierownik Zespo\u0142u Zarz\u0105dzania Procesowego PW (wdro\u017cenie podej\u015bcia procesowego w PW). Realizator projekt\u00f3w na rzecz praktyki gospodarczej oraz projekt\u00f3w badawczych w zakresie zarz\u0105dzania procesowego m.in. IDUB against COVID. Odby\u0142a zagraniczne wizyty studyjne m.in. w Queen Margaret University Edinburgh (UK) oraz uczestniczy\u0142 w programie Masters of Didactics w UCL London (UK). Posiada certyfikat PRINCE2 Foundation, Agile PM Foundation, BPMN Process Modeler. Jest cz\u0142onkiem INTERNATIONAL ASSOCIATION FOR COMPUTER INFORMATION SYSTEMS, NTIE, TNOIK. Wyr\u00f3\u017cniona w rankingu TOP 100 Women in Cloud Computing in Poland. Jest autork\u0105 180 publikacji w j\u0119zyku polskim i angielskim, g\u0142\u00f3wnie w zakresie zarz\u0105dzania procesowego (m.in. monografie: Zarz\u0105dzanie procesowe w organizacjach. Podej\u015bcie klasyczne i nowe koncepcje [ 2021]; Od klasycznego do zintegrowanego zarz\u0105dzania procesowego [2019]; Biuro zarz\u0105dzania procesami w teorii i praktyce gospodarczej [2018], redakcje naukowe m.in. Przysz\u0142o\u015b\u0107 zarz\u0105dzania procesowego. Strategie-ludzie, technologie [2023]).<\/p>\n<\/div><\/div>\n\n\n\n<div class=\"wp-block-media-text is-stacked-on-mobile is-vertically-aligned-top\" style=\"grid-template-columns:20% auto\"><figure class=\"wp-block-media-text__media\"><img loading=\"lazy\" decoding=\"async\" width=\"1000\" height=\"1000\" src=\"https:\/\/al.edu.pl\/mba\/wp-content\/uploads\/2023\/09\/DSCF0438-2.jpg\" alt=\"Pawe\u0142 Bogus\u0142aw - zdj\u0119cie profilowe\" class=\"wp-image-337 size-full\" srcset=\"https:\/\/al.edu.pl\/mba\/wp-content\/uploads\/2023\/09\/DSCF0438-2.jpg 1000w, https:\/\/al.edu.pl\/mba\/wp-content\/uploads\/2023\/09\/DSCF0438-2-300x300.jpg 300w, https:\/\/al.edu.pl\/mba\/wp-content\/uploads\/2023\/09\/DSCF0438-2-150x150.jpg 150w, https:\/\/al.edu.pl\/mba\/wp-content\/uploads\/2023\/09\/DSCF0438-2-768x768.jpg 768w\" sizes=\"auto, (max-width: 1000px) 100vw, 1000px\" \/><\/figure><div class=\"wp-block-media-text__content\">\n<p><strong>Pawe\u0142 Bogus\u0142aw<\/strong><\/p>\n\n\n\n<p>Trener, coach, consultant, absolwent uczelni \u0141azarski na kierunku Executive MBA HR, Wiceprezes Polskiego Towarzystwa Trener\u00f3w Biznesu. Prowadzi szkolenia, konsultacje oraz Coaching dla kadry mened\u017cerskiej oraz handlowc\u00f3w. Wyk\u0142ada na \u015al\u0105skim Uniwersytecie Medycznym, Uczelni \u0141azarskiego na kierunkach MBA, wydziale Psychologia w Zarz\u0105dzaniu, Zarz\u0105dzanie zasobami Ludzkimi oraz w Szkole Zarz\u0105dzania Sprzeda\u017c\u0105 na kierunkach: Zarz\u0105dzanie Dzia\u0142em Sprzeda\u017cy i Account Management.<br><br>Pracowa\u0142 jako Przedstawiciel Handlowy, Medyczny, KAM, Dystrykt Manager, Dyrektor Sprzeda\u017cy, Manager Projekt\u00f3w Szkoleniowych oraz Kierownik Dzia\u0142u Szkole\u0144, w takich firmach jak Lek Polska &#8211; Sandoz, Valeant Pharmaceuticals, Leroy Merlin, Auchan, Hortex, Polfarmex.<br><br>Master Trener Acion Learning WIAL, RMP (Reiss Motivation Profile), Odporno\u015bci Psychicznej (AQR International), oraz Przyw\u00f3dztwa ILM (Intergrated Leadership Measure). Wdra\u017ca\u0142 oraz koordynowa\u0142 procesy HR, kreowa\u0142 polityk\u0119 personaln\u0105 w mi\u0119dzynarodowych strukturach handlowych. Wieloletnie do\u015bwiadczenie trenerskie<br>w \u201ekorporacjach\u201d pozwala mu prowadzi\u0107 z sukcesami procesy rozwojowe, od rekrutacji \u2013 Assessment Center, przez szkolenia merytoryczne i sprzeda\u017cowe do coachingu on the job. Praca Kierownika Dzia\u0142u Szkole\u0144 oraz prowadzenie wielu projekt\u00f3w HR w&nbsp; mi\u0119dzynarodowych firmach zapewnia jego klientom szerokie spojrzenie na potrzeby rozwojowe pracownik\u00f3w. Poprowadzi\u0142 ponad 1130 dni szkoleniowych i coachingowych w r\u00f3\u017cnych sektorach biznesu. Specjalizuje si\u0119 w budzeniu motywacji wewn\u0119trznej, inspirowaniu do poszukiwania<br>i samodzielnego dochodzenia do efektywnych rozwi\u0105za\u0144.&nbsp;<\/p>\n<\/div><\/div>\n\n\n\n<div class=\"wp-block-media-text is-stacked-on-mobile is-vertically-aligned-top\" style=\"grid-template-columns:20% auto\"><figure class=\"wp-block-media-text__media\"><img loading=\"lazy\" decoding=\"async\" width=\"1000\" height=\"1000\" src=\"https:\/\/al.edu.pl\/mba\/wp-content\/uploads\/2023\/09\/MSR_23-2.jpg\" alt=\"dr hab. Ma\u0142gorzata Sidor-Rz\u0105dkowska - zdj\u0119cie profilowe\" class=\"wp-image-338 size-full\" srcset=\"https:\/\/al.edu.pl\/mba\/wp-content\/uploads\/2023\/09\/MSR_23-2.jpg 1000w, https:\/\/al.edu.pl\/mba\/wp-content\/uploads\/2023\/09\/MSR_23-2-300x300.jpg 300w, https:\/\/al.edu.pl\/mba\/wp-content\/uploads\/2023\/09\/MSR_23-2-150x150.jpg 150w, https:\/\/al.edu.pl\/mba\/wp-content\/uploads\/2023\/09\/MSR_23-2-768x768.jpg 768w\" sizes=\"auto, (max-width: 1000px) 100vw, 1000px\" \/><\/figure><div class=\"wp-block-media-text__content\">\n<p><strong><strong>dr hab. Ma\u0142gorzata Sidor-Rz\u0105dkowska<\/strong><\/strong><\/p>\n\n\n\n<p>\u2013 magister filozofii Uniwersytetu Warszawskiego (specjalizacja etyka), doktor nauk humanistycznych (dziedzina: polityka spo\u0142eczna) UW, habilitacj\u0119 uzyska\u0142a w dyscyplinie nauk o zarz\u0105dzaniu i jako\u015bci. Uznana specjalistka w obszarze zarz\u0105dzania kapita\u0142em ludzkim, zaliczana do grona os\u00f3b, kt\u00f3re wywar\u0142y najwi\u0119kszy wp\u0142yw na kszta\u0142towanie standard\u00f3w nowoczesnego HR-u w Polsce.<\/p>\n\n\n\n<p>&nbsp;Jest profesorem na Wydziale Zarz\u0105dzania Politechniki Warszawskiej, wyk\u0142adowc\u0105 Krajowej Szko\u0142y Administracji Publicznej, prowadzi tak\u017ce zaj\u0119cia go\u015bcinne na uniwersytetach w Bia\u0142ymstoku, Lublinie i \u0141odzi oraz w Akademii Leona Ko\u017ami\u0144skiego w Warszawie. Wsp\u00f3\u0142tw\u00f3rca i wyk\u0142adowca Podyplomowego Studium Coachingu i Mentoringu oraz Podyplomowego Studium Trener\u00f3w Grupowych przy Laboratorium Psychoedukacji i&nbsp;Szkole Wy\u017cszej Psychologii Spo\u0142ecznej w&nbsp;Warszawie. Posiada 18-letnie do\u015bwiadczenie pracy jako wyk\u0142adowca na studiach MBA prowadzonych we wsp\u00f3\u0142pracy z &nbsp;Oxford Brookes University.<\/p>\n\n\n\n<p>&nbsp;Pe\u0142ni funkcj\u0119 eksperta Narodowej Agencji Wymiany Akademickiej, trenera, coacha i konsultanta zar\u00f3wno w organizacjach biznesowych, jak i pozakomercyjnych. &nbsp;Opracowa\u0142a kilkadziesi\u0105t program\u00f3w szkoleniowych, w tym kilkana\u015bcie program\u00f3w szkole\u0144 e-learning. Za scenariusze tych program\u00f3w zesp\u00f3\u0142, w kt\u00f3rym uczestniczy\u0142a otrzyma\u0142 god\u0142o \u201eTeraz Polska\u201d. W uznaniu zas\u0142ug w podnoszeniu poziomu kompetencji kadry kierowniczej Polskie Towarzystwo Trener\u00f3w Biznesu przyzna\u0142o jej tytu\u0142 cz\u0142onka honorowego.<\/p>\n\n\n\n<p>Autorka 12 ksi\u0105\u017cek i ponad 100 artyku\u0142\u00f3w po\u015bwi\u0119conych wspieraniu rozwoju ludzi i organizacji. Opublikowana w 2021 roku w wydawnictwie Wolters Kluwer ksi\u0105\u017cka <em>Kszta\u0142towanie przestrzeni pracy. Praca w biurze, praca zdalna, coworking<\/em> zosta\u0142a nominowana do nagrody g\u0142\u00f3wnej&nbsp; Economicus Dziennika Gazeta Prawna.<\/p>\n<\/div><\/div>\n\n\n\n<div style=\"height:0px\" aria-hidden=\"true\" class=\"wp-block-spacer\"><\/div>\n\n\n\n<div class=\"wp-block-media-text is-stacked-on-mobile is-vertically-aligned-top\" style=\"grid-template-columns:20% auto\"><figure class=\"wp-block-media-text__media\"><img loading=\"lazy\" decoding=\"async\" width=\"360\" height=\"360\" src=\"https:\/\/al.edu.pl\/mba\/wp-content\/uploads\/2023\/09\/360_F_408244382_Ex6k7k8XYzTbiXLNJgIL8gssebpLLBZQ.jpg\" alt=\"\" class=\"wp-image-273 size-full\" srcset=\"https:\/\/al.edu.pl\/mba\/wp-content\/uploads\/2023\/09\/360_F_408244382_Ex6k7k8XYzTbiXLNJgIL8gssebpLLBZQ.jpg 360w, https:\/\/al.edu.pl\/mba\/wp-content\/uploads\/2023\/09\/360_F_408244382_Ex6k7k8XYzTbiXLNJgIL8gssebpLLBZQ-300x300.jpg 300w, https:\/\/al.edu.pl\/mba\/wp-content\/uploads\/2023\/09\/360_F_408244382_Ex6k7k8XYzTbiXLNJgIL8gssebpLLBZQ-150x150.jpg 150w\" sizes=\"auto, (max-width: 360px) 100vw, 360px\" \/><\/figure><div class=\"wp-block-media-text__content\">\n<p><strong>Dr Laima Jesevi\u010di\u016bt\u0117-Ufartien\u0117<\/strong><\/p>\n\n\n\n<p>Laima Jeseviciute-Ufartiene jest profesorem na Wydziale Zarz\u0105dzania<br>Przedsi\u0119biorstwem Wile\u0144\u015bkiego Uniwersytetu Technicznego im. Giedymina<br>oraz adiunktem na wydziale Biznesu na uczelni Kauno Kolegija. W 2010<br>roku obroni\u0142a prac\u0119 doktorsk\u0105 w dziedzinie nauk o zarz\u0105dzaniu i<br>jako\u015bci. Od tego czasu opublikowa\u0142a ponad 50 artyku\u0142\u00f3w w r\u00f3\u017cnych<br>czasopismach . Jej zainteresowania naukowe ogniskuj\u0105 si\u0119 wok\u00f3\u0142<br>szeroko poj\u0119tego zarz\u0105dzania, a w szczeg\u00f3lnow\u015bci problematyki<br>przywodztwa, zarz\u0105dzania kapita\u0142em ludzkim, zachowa\u0144 konsumenckich<br>oraz zr\u00f3wnowa\u017conego rozowju. Realizaorka projekt\u00f3w badawczych o<br>zasi\u0119gu krajowym i mi\u0119dzynarodowym finansowanych ze \u015brodk\u00f3w UE,<br>Ministerstwa Zdrowia Republiki Litwy i Litewskiej Rady ds Bada\u0144. L.<br>Posiada wieloletnie do\u015bwiadczenie w programach wymiany Erasmus+ oraz<br>programach NordPlus Sprint.<\/p>\n<\/div><\/div>\n\n\n\n<div style=\"height:40px\" aria-hidden=\"true\" class=\"wp-block-spacer\"><\/div>\n\n\n\n<div class=\"wp-block-media-text is-stacked-on-mobile is-vertically-aligned-top\" style=\"grid-template-columns:20% auto\"><figure class=\"wp-block-media-text__media\"><img loading=\"lazy\" decoding=\"async\" width=\"1000\" height=\"1000\" src=\"https:\/\/al.edu.pl\/mba\/wp-content\/uploads\/2023\/09\/forfa1.jpg\" alt=\"dr Magdalena Forfa - zdj\u0119cie profilowe\" class=\"wp-image-339 size-full\" srcset=\"https:\/\/al.edu.pl\/mba\/wp-content\/uploads\/2023\/09\/forfa1.jpg 1000w, https:\/\/al.edu.pl\/mba\/wp-content\/uploads\/2023\/09\/forfa1-300x300.jpg 300w, https:\/\/al.edu.pl\/mba\/wp-content\/uploads\/2023\/09\/forfa1-150x150.jpg 150w, https:\/\/al.edu.pl\/mba\/wp-content\/uploads\/2023\/09\/forfa1-768x768.jpg 768w\" sizes=\"auto, (max-width: 1000px) 100vw, 1000px\" \/><\/figure><div class=\"wp-block-media-text__content\">\n<p><strong>dr Magdalena Forfa<\/strong><\/p>\n\n\n\n<p>Dyrektor Finansowy Polskiej Agencji Rozwoju Przedsi\u0119biorczo\u015bci w Warszawie. Doktor nauk ekonomicznych o specjalizacji ekonomika i finanse przedsi\u0119biorstw. W 2014 r. obroni\u0142a rozpraw\u0119 doktorsk\u0105 na Wydziale Nauk Ekonomicznych Szko\u0142y G\u0142\u00f3wnej Gospodarstwa Wiejskiego w Warszawie. Uko\u0144czy\u0142a Podyplomowe Studia Rachunkowo\u015bci w 2009 r. oraz studia magisterskie na kierunku Ekonomia w 2006 r. w SGGW w Warszawie. Jest adiunktem w Akademii \u0141om\u017cy\u0144skiej. Ponadto pracuje jako g\u0142\u00f3wna ksi\u0119gowa w Gminnym O\u015brodku Pomocy Spo\u0142ecznej w Kolnie. Posiada certyfikat ksi\u0119gowego Ministra Finans\u00f3w (Nr 66715\/2014), kt\u00f3ry potwierdza kwalifikacje do us\u0142ugowego prowadzenia ksi\u0105g rachunkowych. Specjalizuje si\u0119 w tematyce z zakresu zarz\u0105dzania przep\u0142ywami pieni\u0119\u017cnymi, sprawozdawczo\u015bci finansowej i rachunkowo\u015bci bud\u017cetowej.<\/p>\n<\/div><\/div>\n\n\n\n<div class=\"wp-block-media-text is-stacked-on-mobile is-vertically-aligned-top\" style=\"grid-template-columns:20% auto\"><figure class=\"wp-block-media-text__media\"><img loading=\"lazy\" decoding=\"async\" width=\"1000\" height=\"1000\" src=\"https:\/\/al.edu.pl\/mba\/wp-content\/uploads\/2023\/09\/BCH-1.jpg\" alt=\"Bogdan Chmielewski - zdj\u0119cie profilowe\" class=\"wp-image-342 size-full\" srcset=\"https:\/\/al.edu.pl\/mba\/wp-content\/uploads\/2023\/09\/BCH-1.jpg 1000w, https:\/\/al.edu.pl\/mba\/wp-content\/uploads\/2023\/09\/BCH-1-300x300.jpg 300w, https:\/\/al.edu.pl\/mba\/wp-content\/uploads\/2023\/09\/BCH-1-150x150.jpg 150w, https:\/\/al.edu.pl\/mba\/wp-content\/uploads\/2023\/09\/BCH-1-768x768.jpg 768w\" sizes=\"auto, (max-width: 1000px) 100vw, 1000px\" \/><\/figure><div class=\"wp-block-media-text__content\">\n<p><strong><strong>Bogdan Chmielewski<\/strong><\/strong><\/p>\n\n\n\n<p>Dyrektor Wykonawczy Polsko-S\u0142owia\u0144skiej Federalnej Unii Kredytowej (PSFCU) w Stanach Zjednoczonych. Absolwent Szko\u0142y G\u0142\u00f3wnej Planowania i Statystyki w Warszawie oraz Szko\u0142y Lider\u00f3w Biznesu na Uniwersytecie Harvarda w Massachusetts. Swoje do\u015bwiadczenie biznesowe w dziedzinie finans\u00f3w zdobywa\u0142 pracuj\u0105c dla Banku HSBC w Nowym Jorku, a tak\u017ce dla Wawel Savings Bank w stanie New Jersey. Z PSFCU zwi\u0105zany jest od 1996 roku. Uwzgl\u0119dniaj\u0105c jego bogate do\u015bwiadczenie nabyte przez lata pracy na r\u00f3\u017cnych szczeblach w PSFCU i w innych instytucjach finansowych, w roku 2007 Rada Dyrektor\u00f3w PSFCU powierzy\u0142a mu stanowisko Dyrektora Wykonawczego. PSFCU jest obecnie najwi\u0119ksz\u0105 polsk\u0105 instytucj\u0105 finansow\u0105 poza granicami kraju, z aktywami przekraczaj\u0105cymi 2,5 miliarda dolar\u00f3w, slu\u017c\u0105c ponad 120 tysi\u0105com klient\u00f3w. G\u0142\u00f3wna siedziba mie\u015bci sie na Brooklynie w stanie New York, a 22 oddzia\u0142\u00f3w jest zlokalizowanych w stanach Nowy Jork, New Jersey, Illinois, Pennsylvania, Connecticut wraz z Centrum Operacyjnym znajduj\u0105cym si\u0119 w Fairfield, New Jersey.<\/p>\n\n\n\n<p>W latach 2010-2013 pan Chmielewski pe\u0142ni\u0142 funkcj\u0119 Wice-Prezesa ds. Rozwoju Biznesu i Administracji w Wawel Savings Bank w stanie New Jersey \u2013 najstarszym Polsko-Amerykanskim banku w Stanach Zjednoczonych.&nbsp; W tym samym czasie, pan Chmielewski by\u0142 konsultantem Kasy Krajowej SKOK w Polsce, dziel\u0105c si\u0119 posiadanym do\u015bwiadczeniem w tworzeniu nowej unii kredytowej dla polskich imigrant\u00f3w w Wielkiej Brytani.<\/p>\n\n\n\n<p>Od roku 2022 pan Chmielewski jest cz\u0142onkiem Rady Dyrektor\u00f3w Fundacji Jana Paw\u0142a II w Watykanie.<\/p>\n\n\n\n<p>Za sw\u0105 prac\u0119 i oddanie sprawom polsko-ameryka\u0144skiego \u015brodowiska pan Chmielewski otrzymal wiele federalnych i stanowych wyr\u00f3\u017cnie\u0144.&nbsp; W 2009 roku pan Chmielewski otrzyma\u0142 Kawalerski Krzy\u017c Zas\u0142ugi z r\u0105k Prezydenta Rzeczypospolitej Polskiej, Lecha Kaczy\u0144skiego.<\/p>\n\n\n\n<p>Pan Chmielewski mieszka w Wayne, New Jersey razem z \u017con\u0105 Ann\u0105 i czw\u00f3rk\u0105 dzieci.<\/p>\n<\/div><\/div>\n","protected":false},"excerpt":{"rendered":"<p>dr hab. Krystyna Leszczewska, prof. A\u0141 Doktor habilitowany nauk ekonomicznych (SGH w Warszawie) Doktor nauk ekonomicznych (Instytut Pracy i Spraw Socjalnych w Warszawie), Prorektor PWSIiP w \u0141om\u017cy (2007-2017), Dziekan Wydzia\u0142u Nauk Spo\u0142ecznych i Humanistycznych PWSIiP w \u0141om\u017cy (2017-2020). Cz\u0142onek Rady Uczelni Akademii \u0141om\u017cy\u0144skiej, Profesor Uczelni Akademii \u0141om\u017cy\u0144skiej.&nbsp; Zainteresowania naukowe: przedsi\u0119biorczo\u015b\u0107 rodzinna, regionalne uwarunkowania rozwoju przedsi\u0119biorczo\u015bci, [&hellip;]<\/p>\n","protected":false},"author":1,"featured_media":0,"parent":0,"menu_order":0,"comment_status":"closed","ping_status":"closed","template":"","meta":{"footnotes":""},"class_list":["post-271","page","type-page","status-publish","hentry"],"_links":{"self":[{"href":"https:\/\/al.edu.pl\/mba\/wp-json\/wp\/v2\/pages\/271","targetHints":{"allow":["GET"]}}],"collection":[{"href":"https:\/\/al.edu.pl\/mba\/wp-json\/wp\/v2\/pages"}],"about":[{"href":"https:\/\/al.edu.pl\/mba\/wp-json\/wp\/v2\/types\/page"}],"author":[{"embeddable":true,"href":"https:\/\/al.edu.pl\/mba\/wp-json\/wp\/v2\/users\/1"}],"replies":[{"embeddable":true,"href":"https:\/\/al.edu.pl\/mba\/wp-json\/wp\/v2\/comments?post=271"}],"version-history":[{"count":15,"href":"https:\/\/al.edu.pl\/mba\/wp-json\/wp\/v2\/pages\/271\/revisions"}],"predecessor-version":[{"id":398,"href":"https:\/\/al.edu.pl\/mba\/wp-json\/wp\/v2\/pages\/271\/revisions\/398"}],"wp:attachment":[{"href":"https:\/\/al.edu.pl\/mba\/wp-json\/wp\/v2\/media?parent=271"}],"curies":[{"name":"wp","href":"https:\/\/api.w.org\/{rel}","templated":true}]}}