{"id":439,"date":"2026-03-18T11:25:34","date_gmt":"2026-03-18T10:25:34","guid":{"rendered":"https:\/\/al.edu.pl\/bk2026\/?page_id=439"},"modified":"2026-09-03T10:05:06","modified_gmt":"2026-09-03T08:05:06","slug":"oferty","status":"publish","type":"page","link":"https:\/\/al.edu.pl\/biuro-karier\/student-absolwent\/oferty\/","title":{"rendered":"Oferty"},"content":{"rendered":"<div class=\"breadcrumbs align wp-block-bcn-breadcrumb-trail has-text-color has-background\" vocab=\"https:\/\/schema.org\/\" typeof=\"BreadcrumbList\">\n\t<span>Jeste\u015b tutaj:  <\/span>\n\t<span property=\"itemListElement\" typeof=\"ListItem\"><a property=\"item\" typeof=\"WebPage\" title=\"Przejd\u017a do Biuro Karier 2026.\" href=\"https:\/\/al.edu.pl\/biuro-karier\" class=\"home\" aria-current=\"page\"><span property=\"name\">Strona g\u0142\u00f3wna<\/span><\/a><meta property=\"position\" content=\"1\"><\/span><\/div>\n\n\n\n<h1 class=\"wp-block-heading\">Oferty pracy, praktyk, sta\u017cy<\/h1>\n\n\n\r\n    <div class=\"jobs-filters\">\r\n        <div class=\"filters-row\">\r\n            <div class=\"filter-group\">\r\n                <label for=\"filter-type\">Typ zatrudnienia<\/label>\r\n                <select id=\"filter-type\">\r\n                    <option value=\"\">Wszystkie typy<\/option>\r\n                    <option value=\"umowa-o-staz\">Umowa o sta\u017c<\/option><option value=\"za-granica\">Za granic\u0105<\/option>                <\/select>\r\n            <\/div>\r\n\r\n            <div class=\"filter-group\">\r\n                <label for=\"filter-category\">Kategoria<\/label>\r\n                <select id=\"filter-category\">\r\n                    <option value=\"\">Wszystkie kategorie<\/option>\r\n                    <option value=\"informatyka-it\">Informatyka \/ IT<\/option>                <\/select>\r\n            <\/div>\r\n        <\/div>\r\n\r\n        <div class=\"filters-row second-row\">\r\n            <label for=\"filter-keyword\" class=\"visually-hidden\">Szukaj ofert pracy:<\/label>\r\n            <input type=\"text\" id=\"filter-keyword\" placeholder=\"Np. programista\" \/>\r\n            <button id=\"filter-jobs\" type=\"button\">Filtruj<\/button>\r\n        <\/div>\r\n    <\/div>\r\n\r\n    <div id=\"jobs-status\" aria-live=\"polite\" class=\"screen-reader-text\"><\/div>\r\n\r\n            <div id=\"jobs-grid\" class=\"jobs-grid\" data-limit=\"6\">\r\n                            \r\n    <article class=\"job-grid-item\">\r\n        <a href=\"https:\/\/al.edu.pl\/biuro-karier\/student-absolwent\/oferty\/praca-eu-za-granica\/\" class=\"job-link\">\r\n            <div class=\"job-type-icon\">\r\n                                    <img decoding=\"async\" \r\n                        src=\"https:\/\/al.edu.pl\/biuro-karier\/wp-content\/uploads\/2026\/04\/eures-logo-258x300.png\" \r\n                        class=\"job-icon-image\"\r\n                        alt=\"Logo firmy EURES - najnowsze oferty pracy za granic\u0105 z Powiatowego Urz\u0119du Pracy w \u0141om\u017cy\"\r\n                        loading=\"lazy\"\r\n                    >\r\n                                <span class=\"job-type-badge\">Za granic\u0105<\/span>\r\n            <\/div>\r\n\r\n            <div class=\"job-content\">\r\n                <h2 class=\"job-title\">Praca EU &#8211; za granic\u0105<\/h2>\r\n\r\n                <div class=\"job-meta\">\r\n                                    <\/div>\r\n            <\/div>\r\n        <\/a>\r\n    <\/article>\r\n\r\n                                \r\n    <article class=\"job-grid-item\">\r\n        <a href=\"https:\/\/al.edu.pl\/biuro-karier\/student-absolwent\/oferty\/stazysta-mlodszy-specjalista-ds-systemow-it-i-cyfryzacji-procesow\/\" class=\"job-link\">\r\n            <div class=\"job-type-icon\">\r\n                                    <img decoding=\"async\" \r\n                        src=\"https:\/\/al.edu.pl\/biuro-karier\/wp-content\/uploads\/2026\/09\/Projekt-bez-nazwy4-258x300.png\" \r\n                        class=\"job-icon-image\"\r\n                        alt=\"Sta\u017cysta \/ M\u0142odszy Specjalista ds. System\u00f3w IT i Cyfryzacji Proces\u00f3w\"\r\n                        loading=\"lazy\"\r\n                    >\r\n                                <span class=\"job-type-badge\">Umowa o sta\u017c<\/span>\r\n            <\/div>\r\n\r\n            <div class=\"job-content\">\r\n                <h2 class=\"job-title\">Sta\u017cysta \/ M\u0142odszy Specjalista ds. System\u00f3w IT i Cyfryzacji Proces\u00f3w<\/h2>\r\n\r\n                <div class=\"job-meta\">\r\n                                            <div class=\"job-category-badges\">\r\n                                                            <span class=\"job-category-badge\">Informatyka \/ IT<\/span>\r\n                                                    <\/div>\r\n                                    <\/div>\r\n            <\/div>\r\n        <\/a>\r\n    <\/article>\r\n\r\n                        <\/div>\r\n\r\n        \r\n    \n","protected":false},"excerpt":{"rendered":"<p>Oferty pracy, praktyk, sta\u017cy<\/p>\n","protected":false},"author":3,"featured_media":0,"parent":1886,"menu_order":0,"comment_status":"closed","ping_status":"closed","template":"","meta":{"footnotes":""},"class_list":["post-439","page","type-page","status-publish","hentry"],"_links":{"self":[{"href":"https:\/\/al.edu.pl\/biuro-karier\/wp-json\/wp\/v2\/pages\/439","targetHints":{"allow":["GET"]}}],"collection":[{"href":"https:\/\/al.edu.pl\/biuro-karier\/wp-json\/wp\/v2\/pages"}],"about":[{"href":"https:\/\/al.edu.pl\/biuro-karier\/wp-json\/wp\/v2\/types\/page"}],"author":[{"embeddable":true,"href":"https:\/\/al.edu.pl\/biuro-karier\/wp-json\/wp\/v2\/users\/3"}],"replies":[{"embeddable":true,"href":"https:\/\/al.edu.pl\/biuro-karier\/wp-json\/wp\/v2\/comments?post=439"}],"version-history":[{"count":97,"href":"https:\/\/al.edu.pl\/biuro-karier\/wp-json\/wp\/v2\/pages\/439\/revisions"}],"predecessor-version":[{"id":2497,"href":"https:\/\/al.edu.pl\/biuro-karier\/wp-json\/wp\/v2\/pages\/439\/revisions\/2497"}],"up":[{"embeddable":true,"href":"https:\/\/al.edu.pl\/biuro-karier\/wp-json\/wp\/v2\/pages\/1886"}],"wp:attachment":[{"href":"https:\/\/al.edu.pl\/biuro-karier\/wp-json\/wp\/v2\/media?parent=439"}],"curies":[{"name":"wp","href":"https:\/\/api.w.org\/{rel}","templated":true}]}}